{"id":196,"date":"2024-09-04T10:58:42","date_gmt":"2024-09-04T08:58:42","guid":{"rendered":"https:\/\/faden-bhv.de\/foerderzentrum-sailing-in\/?page_id=196"},"modified":"2026-01-14T16:10:32","modified_gmt":"2026-01-14T15:10:32","slug":"startseite","status":"publish","type":"page","link":"https:\/\/faden-bhv.de\/foerderzentrum-sailing-in\/","title":{"rendered":"Startseite"},"content":{"rendered":"\t\t<div data-elementor-type=\"wp-page\" data-elementor-id=\"196\" class=\"elementor elementor-196\" data-elementor-post-type=\"page\">\n\t\t\t\t<div class=\"elementor-element elementor-element-29e411c e-flex e-con-boxed wpr-particle-no wpr-jarallax-no wpr-parallax-no wpr-sticky-section-no wpr-equal-height-no e-con e-parent\" data-id=\"29e411c\" data-element_type=\"container\" data-e-type=\"container\">\n\t\t\t\t\t<div class=\"e-con-inner\">\n\t\t<div class=\"elementor-element elementor-element-56b93b4 e-con-full e-flex wpr-particle-no wpr-jarallax-no wpr-parallax-no wpr-sticky-section-no wpr-equal-height-no e-con e-child\" data-id=\"56b93b4\" data-element_type=\"container\" data-e-type=\"container\">\n\t\t\t\t<div class=\"elementor-element elementor-element-29c4e0d elementor-widget elementor-widget-heading\" data-id=\"29c4e0d\" data-element_type=\"widget\" data-e-type=\"widget\" data-widget_type=\"heading.default\">\n\t\t\t\t<div class=\"elementor-widget-container\">\n\t\t\t\t\t<h2 class=\"elementor-heading-title elementor-size-default\">Herzlich Willkommen beim\nF\u00f6rderzentrum SAILING IN in Bremerhaven<\/h2>\t\t\t\t<\/div>\n\t\t\t\t<\/div>\n\t\t<div class=\"elementor-element elementor-element-3f1234d e-con-full e-flex wpr-particle-no wpr-jarallax-no wpr-parallax-no wpr-sticky-section-no wpr-equal-height-no e-con e-child\" data-id=\"3f1234d\" data-element_type=\"container\" data-e-type=\"container\">\n\t\t\t\t<div class=\"elementor-element elementor-element-d5516ff elementor-widget elementor-widget-text-editor\" data-id=\"d5516ff\" data-element_type=\"widget\" data-e-type=\"widget\" data-widget_type=\"text-editor.default\">\n\t\t\t\t<div class=\"elementor-widget-container\">\n\t\t\t\t\t\t\t\t\t<p>Das F\u00f6rderzentrum SAILING IN hilft dabei, die Segel neu zu setzen und neu anzukommen \u2013 im Beruf, in der neuen Heimat, in Bremerhaven.<\/p><p>Unsere Unterst\u00fctzung richtet sich an erwachsene Arbeitssuchende \u00fcber 25 Jahren, die in Bremerhaven wohnen und Leistungen des Jobcenters Bremerhaven beziehen.<\/p><p>Wir begleiten auf dem Weg (zur\u00fcck) in den Arbeitsmarkt und helfen bei Bedarf beim Nachholen von Grundbildung und Schulabschl\u00fcssen sowie beim Spracherwerb. Wir vermitteln in weitergehende Qualifizierungsangebote immer mit dem Blick auf Er\u00f6ffnung einer neuen Chance f\u00fcr die berufliche Integration.<\/p><p>Teilnehmende k\u00f6nnen sich in der Regel im Rahmen von 6 bis 12 Monaten bei uns in Voll- und bei Bedarf auch in Teilzeit in verschiedenen Berufsfeldern erproben und neue Erfahrungen sammeln. Der Start ist immer montags ab 08:00 Uhr nach Zuweisung durch das Jobcenter Bremerhaven m\u00f6glich. Die Fahrtkosten zu uns werden erstattet.<\/p>\t\t\t\t\t\t\t\t<\/div>\n\t\t\t\t<\/div>\n\t\t\t\t<\/div>\n\t\t\t\t<\/div>\n\t\t\t\t\t<\/div>\n\t\t\t\t<\/div>\n\t\t<div class=\"elementor-element elementor-element-7c19bdd e-flex e-con-boxed wpr-particle-no wpr-jarallax-no wpr-parallax-no wpr-sticky-section-no wpr-equal-height-no e-con e-parent\" data-id=\"7c19bdd\" data-element_type=\"container\" data-e-type=\"container\">\n\t\t\t\t\t<div class=\"e-con-inner\">\n\t\t\t\t<div class=\"elementor-element elementor-element-1446164 elementor-widget elementor-widget-video\" data-id=\"1446164\" data-element_type=\"widget\" data-e-type=\"widget\" data-settings=\"{&quot;youtube_url&quot;:&quot;https:\\\/\\\/youtu.be\\\/_ky4TIO3zp4&quot;,&quot;yt_privacy&quot;:&quot;yes&quot;,&quot;lazy_load&quot;:&quot;yes&quot;,&quot;video_type&quot;:&quot;youtube&quot;,&quot;controls&quot;:&quot;yes&quot;}\" data-widget_type=\"video.default\">\n\t\t\t\t<div class=\"elementor-widget-container\">\n\t\t\t\t\t\t\t<div class=\"elementor-wrapper elementor-open-inline\">\n\t\t\t<div class=\"elementor-video\"><\/div>\t\t<\/div>\n\t\t\t\t\t\t<\/div>\n\t\t\t\t<\/div>\n\t\t\t\t\t<\/div>\n\t\t\t\t<\/div>\n\t\t<div class=\"elementor-element elementor-element-cdb125c e-flex e-con-boxed wpr-particle-no wpr-jarallax-no wpr-parallax-no wpr-sticky-section-no wpr-equal-height-no e-con e-parent\" data-id=\"cdb125c\" data-element_type=\"container\" data-e-type=\"container\">\n\t\t\t\t\t<div class=\"e-con-inner\">\n\t\t<div class=\"elementor-element elementor-element-55a8fff e-con-full e-flex wpr-particle-no wpr-jarallax-no wpr-parallax-no wpr-sticky-section-no wpr-equal-height-no e-con e-child\" data-id=\"55a8fff\" data-element_type=\"container\" data-e-type=\"container\">\n\t\t\t\t<div class=\"elementor-element elementor-element-1060b31 elementor-widget elementor-widget-heading\" data-id=\"1060b31\" data-element_type=\"widget\" data-e-type=\"widget\" data-widget_type=\"heading.default\">\n\t\t\t\t<div class=\"elementor-widget-container\">\n\t\t\t\t\t<h2 class=\"elementor-heading-title elementor-size-default\">Berufsfelder<\/h2>\t\t\t\t<\/div>\n\t\t\t\t<\/div>\n\t\t<div class=\"elementor-element elementor-element-2b81921 e-grid e-con-full wpr-particle-no wpr-jarallax-no wpr-parallax-no wpr-sticky-section-no wpr-equal-height-no e-con e-child\" data-id=\"2b81921\" data-element_type=\"container\" data-e-type=\"container\">\n\t\t\t\t<div class=\"elementor-element elementor-element-9c468f1 elementor-cta--valign-middle elementor-cta--skin-classic elementor-animated-content elementor-widget elementor-widget-call-to-action\" data-id=\"9c468f1\" data-element_type=\"widget\" data-e-type=\"widget\" data-widget_type=\"call-to-action.default\">\n\t\t\t\t<div class=\"elementor-widget-container\">\n\t\t\t\t\t\t\t<div class=\"elementor-cta\">\n\t\t\t\t\t<div class=\"elementor-cta__bg-wrapper\">\n\t\t\t\t<div class=\"elementor-cta__bg elementor-bg\" style=\"background-image: url(https:\/\/faden-bhv.de\/foerderzentrum-sailing-in\/wp-content\/uploads\/sites\/4\/2024\/09\/IMG_4353-scaled.jpg);\" role=\"img\" aria-label=\"Blutdruckmessen\"><\/div>\n\t\t\t\t<div class=\"elementor-cta__bg-overlay\"><\/div>\n\t\t\t<\/div>\n\t\t\t\t\t\t\t<div class=\"elementor-cta__content\">\n\t\t\t\t\n\t\t\t\t\t\t\t\t\t<h3 class=\"elementor-cta__title elementor-cta__content-item elementor-content-item\">\n\t\t\t\t\t\tGesundheit | Pflege | Soziales \t\t\t\t\t<\/h3>\n\t\t\t\t\n\t\t\t\t\t\t\t\t\t<div class=\"elementor-cta__description elementor-cta__content-item elementor-content-item\">\n\t\t\t\t\t\tErn\u00e4hrungskunde, K\u00f6rperpflege, Umgang mit Demenz und psychischen Erkrankungen; Freizeitgestaltung und Gesundheitserhaltung von Patient:innen, Unterst\u00fctzung bei Alltagsbew\u00e4ltigung (u.a. Biographiearbeit, Seniorengymnastik); berufliche Anforderungen im pflegerischen Bereich, fachgerechte &amp; r\u00fcckenschonende Arbeitstechniken; Fachpraxis vorrangig in Form mehrw\u00f6chiger Praktika in Senioren- oder Kinderbetreuungseinrichtungen\t\t\t\t\t<\/div>\n\t\t\t\t\n\t\t\t\t\t\t\t<\/div>\n\t\t\t\t\t\t<\/div>\n\t\t\t\t\t\t<\/div>\n\t\t\t\t<\/div>\n\t\t\t\t<div class=\"elementor-element elementor-element-39538f9 elementor-cta--valign-middle elementor-cta--skin-classic elementor-animated-content elementor-widget elementor-widget-call-to-action\" data-id=\"39538f9\" data-element_type=\"widget\" data-e-type=\"widget\" data-widget_type=\"call-to-action.default\">\n\t\t\t\t<div class=\"elementor-widget-container\">\n\t\t\t\t\t\t\t<div class=\"elementor-cta\">\n\t\t\t\t\t<div class=\"elementor-cta__bg-wrapper\">\n\t\t\t\t<div class=\"elementor-cta__bg elementor-bg\" style=\"background-image: url(https:\/\/faden-bhv.de\/foerderzentrum-sailing-in\/wp-content\/uploads\/sites\/4\/2026\/01\/vlcsnap-2026-01-09-11h35m16s786-e1767955055647.png);\" role=\"img\" aria-label=\"Berufsfeld Meltall und Elektro, H\u00e4nde arbeiten an eine Verkabelung einer Steckdose\"><\/div>\n\t\t\t\t<div class=\"elementor-cta__bg-overlay\"><\/div>\n\t\t\t<\/div>\n\t\t\t\t\t\t\t<div class=\"elementor-cta__content\">\n\t\t\t\t\n\t\t\t\t\t\t\t\t\t<h3 class=\"elementor-cta__title elementor-cta__content-item elementor-content-item\">\n\t\t\t\t\t\tMetall | Elektro\t\t\t\t\t<\/h3>\n\t\t\t\t\n\t\t\t\t\t\t\t\t\t<div class=\"elementor-cta__description elementor-cta__content-item elementor-content-item\">\n\t\t\t\t\t\tWissenvermittlung im Bereich Metall-verarbeitung, elektronischen Gr\u00f6\u00dfen wie Spannung, Strom und Widerstand und Messsytemen; Einblick in die Vorbereitung, Planung und Organisation von einfachen Arbeitsaufgaben; praktische \u00dcbungen u. a. zum Aufbau von Schaltung, zur Installation von Leitungen, Kabeln; Erstellen erster Werkst\u00fccke\t\t\t\t\t<\/div>\n\t\t\t\t\n\t\t\t\t\t\t\t<\/div>\n\t\t\t\t\t\t<\/div>\n\t\t\t\t\t\t<\/div>\n\t\t\t\t<\/div>\n\t\t\t\t<div class=\"elementor-element elementor-element-33f4a48 elementor-cta--valign-middle elementor-cta--skin-classic elementor-animated-content elementor-widget elementor-widget-call-to-action\" data-id=\"33f4a48\" data-element_type=\"widget\" data-e-type=\"widget\" data-widget_type=\"call-to-action.default\">\n\t\t\t\t<div class=\"elementor-widget-container\">\n\t\t\t\t\t\t\t<div class=\"elementor-cta\">\n\t\t\t\t\t<div class=\"elementor-cta__bg-wrapper\">\n\t\t\t\t<div class=\"elementor-cta__bg elementor-bg\" style=\"background-image: url(https:\/\/faden-bhv.de\/foerderzentrum-sailing-in\/wp-content\/uploads\/sites\/4\/2025\/02\/FoeZ_HoGa_homepage_option2-scaled-e1739434519885.jpg);\" role=\"img\" aria-label=\"Ausschnitt Zubereitung von H\u00e4ppchen\"><\/div>\n\t\t\t\t<div class=\"elementor-cta__bg-overlay\"><\/div>\n\t\t\t<\/div>\n\t\t\t\t\t\t\t<div class=\"elementor-cta__content\">\n\t\t\t\t\n\t\t\t\t\t\t\t\t\t<h3 class=\"elementor-cta__title elementor-cta__content-item elementor-content-item\">\n\t\t\t\t\t\tHotel | Gastst\u00e4tte | Hauswirtschaft | Ern\u00e4hrung\t\t\t\t\t<\/h3>\n\t\t\t\t\n\t\t\t\t\t\t\t\t\t<div class=\"elementor-cta__description elementor-cta__content-item elementor-content-item\">\n\t\t\t\t\t\tHerstellung von hei\u00dfen &amp; kalten Speisen, Backwaren &amp; Kuchen nach Rezept; Pr\u00e4sentation von Speisen und Dekoration von R\u00e4umlichkeiten; Vorbereitung von Veranstaltungen &amp; Caterings f\u00fcr Seminare\/Schulungen; Umgang mit und Bewirtung von G\u00e4sten \t\t\t\t\t<\/div>\n\t\t\t\t\n\t\t\t\t\t\t\t<\/div>\n\t\t\t\t\t\t<\/div>\n\t\t\t\t\t\t<\/div>\n\t\t\t\t<\/div>\n\t\t\t\t<div class=\"elementor-element elementor-element-74a20ed elementor-cta--valign-middle elementor-cta--skin-classic elementor-animated-content elementor-widget elementor-widget-call-to-action\" data-id=\"74a20ed\" data-element_type=\"widget\" data-e-type=\"widget\" data-widget_type=\"call-to-action.default\">\n\t\t\t\t<div class=\"elementor-widget-container\">\n\t\t\t\t\t\t\t<div class=\"elementor-cta\">\n\t\t\t\t\t<div class=\"elementor-cta__bg-wrapper\">\n\t\t\t\t<div class=\"elementor-cta__bg elementor-bg\" style=\"background-image: url(https:\/\/faden-bhv.de\/foerderzentrum-sailing-in\/wp-content\/uploads\/sites\/4\/2025\/02\/FoeZ_Verkauf_homepage_option1-scaled-e1739434592479.jpg);\" role=\"img\" aria-label=\"Verkauf Kachel\"><\/div>\n\t\t\t\t<div class=\"elementor-cta__bg-overlay\"><\/div>\n\t\t\t<\/div>\n\t\t\t\t\t\t\t<div class=\"elementor-cta__content\">\n\t\t\t\t\n\t\t\t\t\t\t\t\t\t<h3 class=\"elementor-cta__title elementor-cta__content-item elementor-content-item\">\n\t\t\t\t\t\tHandel | Verkauf\t\t\t\t\t<\/h3>\n\t\t\t\t\n\t\t\t\t\t\t\t\t\t<div class=\"elementor-cta__description elementor-cta__content-item elementor-content-item\">\n\t\t\t\t\t\tsachgerechte Lagerung von Waren, sinnvolle Sortimentsbildung, Warenkunde; Vorbereitung und Dekoration des Verkaufsraumes und der Schaufenster passend zu Jahreszeiten und Feiertagen; Kassenschulungen, kaufm\u00e4nnischen Rechnen; Beratung, Verkauf &amp; dienstleistungsorientiertes Verhalten im Umgang mit Kund:innen (Verkaufsgespr\u00e4che, Kommunikationsregeln und besondere Situationen im Verkauf wie Beschwerden &amp; Reklamationen)\t\t\t\t\t<\/div>\n\t\t\t\t\n\t\t\t\t\t\t\t<\/div>\n\t\t\t\t\t\t<\/div>\n\t\t\t\t\t\t<\/div>\n\t\t\t\t<\/div>\n\t\t\t\t<div class=\"elementor-element elementor-element-adc05e6 elementor-cta--valign-middle elementor-cta--skin-classic elementor-animated-content elementor-widget elementor-widget-call-to-action\" data-id=\"adc05e6\" data-element_type=\"widget\" data-e-type=\"widget\" data-widget_type=\"call-to-action.default\">\n\t\t\t\t<div class=\"elementor-widget-container\">\n\t\t\t\t\t\t\t<div class=\"elementor-cta\">\n\t\t\t\t\t<div class=\"elementor-cta__bg-wrapper\">\n\t\t\t\t<div class=\"elementor-cta__bg elementor-bg\" style=\"background-image: url(https:\/\/faden-bhv.de\/foerderzentrum-sailing-in\/wp-content\/uploads\/sites\/4\/2024\/09\/Haarschnitt.jpg);\" role=\"img\" aria-label=\"Haarschnitt\"><\/div>\n\t\t\t\t<div class=\"elementor-cta__bg-overlay\"><\/div>\n\t\t\t<\/div>\n\t\t\t\t\t\t\t<div class=\"elementor-cta__content\">\n\t\t\t\t\n\t\t\t\t\t\t\t\t\t<h3 class=\"elementor-cta__title elementor-cta__content-item elementor-content-item\">\n\t\t\t\t\t\tFriseur\t\t\t\t\t<\/h3>\n\t\t\t\t\n\t\t\t\t\t\t\t\t\t<div class=\"elementor-cta__description elementor-cta__content-item elementor-content-item\">\n\t\t\t\t\t\tHaare waschen und schneiden, Gestalten von Frisuren und Durchf\u00fchrung von farbver\u00e4ndernden Haarbehandlungen; Gesundheitsschutz &amp; Hygienevorgaben; Umgang und Pflege von Maschinen, Ger\u00e4ten und Werkzeugen; kunden- und dienstleistungsorientiertes Auftreten; Beratung, Betreuung und Verkauf von Produkten\t\t\t\t\t<\/div>\n\t\t\t\t\n\t\t\t\t\t\t\t<\/div>\n\t\t\t\t\t\t<\/div>\n\t\t\t\t\t\t<\/div>\n\t\t\t\t<\/div>\n\t\t\t\t<div class=\"elementor-element elementor-element-bcf16d6 elementor-cta--valign-middle elementor-cta--skin-classic elementor-animated-content elementor-widget elementor-widget-call-to-action\" data-id=\"bcf16d6\" data-element_type=\"widget\" data-e-type=\"widget\" data-widget_type=\"call-to-action.default\">\n\t\t\t\t<div class=\"elementor-widget-container\">\n\t\t\t\t\t\t\t<div class=\"elementor-cta\">\n\t\t\t\t\t<div class=\"elementor-cta__bg-wrapper\">\n\t\t\t\t<div class=\"elementor-cta__bg elementor-bg\" style=\"background-image: url(https:\/\/faden-bhv.de\/foerderzentrum-sailing-in\/wp-content\/uploads\/sites\/4\/2024\/09\/IMG_4508-scaled.jpg);\" role=\"img\" aria-label=\"lagerhaltung\"><\/div>\n\t\t\t\t<div class=\"elementor-cta__bg-overlay\"><\/div>\n\t\t\t<\/div>\n\t\t\t\t\t\t\t<div class=\"elementor-cta__content\">\n\t\t\t\t\n\t\t\t\t\t\t\t\t\t<h3 class=\"elementor-cta__title elementor-cta__content-item elementor-content-item\">\n\t\t\t\t\t\tLager | Logistik | Transport\t\t\t\t\t<\/h3>\n\t\t\t\t\n\t\t\t\t\t\t\t\t\t<div class=\"elementor-cta__description elementor-cta__content-item elementor-content-item\">\n\t\t\t\t\t\tG\u00fcterannahme, G\u00fcterkontrolle, sachgerechte Lagerung und Transport von G\u00fctern; Lagerarten und deren Unterschiede; Gebrauch verschiedener Ger\u00e4te (z.B. Hebeger\u00e4te); Umgang mit Normen, Ma\u00dfen, Mengen und Gewichtseinheiten \t\t\t\t\t<\/div>\n\t\t\t\t\n\t\t\t\t\t\t\t<\/div>\n\t\t\t\t\t\t<\/div>\n\t\t\t\t\t\t<\/div>\n\t\t\t\t<\/div>\n\t\t\t\t<\/div>\n\t\t\t\t<\/div>\n\t\t<div class=\"elementor-element elementor-element-11626a7 e-con-full e-flex wpr-particle-no wpr-jarallax-no wpr-parallax-no wpr-sticky-section-no wpr-equal-height-no e-con e-child\" data-id=\"11626a7\" data-element_type=\"container\" data-e-type=\"container\">\n\t\t\t\t<div class=\"elementor-element elementor-element-d23a9da elementor-widget elementor-widget-heading\" data-id=\"d23a9da\" data-element_type=\"widget\" data-e-type=\"widget\" data-widget_type=\"heading.default\">\n\t\t\t\t<div class=\"elementor-widget-container\">\n\t\t\t\t\t<h2 class=\"elementor-heading-title elementor-size-default\">Neben der beruflichen Erprobung werden die Teilnehmenden ganzheitlich durch unser multiprofessionelles Team begleitet. Wir bieten: <\/h2>\t\t\t\t<\/div>\n\t\t\t\t<\/div>\n\t\t\t\t<div class=\"elementor-element elementor-element-5aecdf5 elementor-widget elementor-widget-heading\" data-id=\"5aecdf5\" data-element_type=\"widget\" data-e-type=\"widget\" data-widget_type=\"heading.default\">\n\t\t\t\t<div class=\"elementor-widget-container\">\n\t\t\t\t\t<h2 class=\"elementor-heading-title elementor-size-default\">F\u00fcr weitergehende Information kontaktieren Sie auch jederzeit gerne unsere kompetenten Ansprechpartnerinnen vor Ort: <\/h2>\t\t\t\t<\/div>\n\t\t\t\t<\/div>\n\t\t<div class=\"elementor-element elementor-element-4dfc228 e-grid e-con-full wpr-particle-no wpr-jarallax-no wpr-parallax-no wpr-sticky-section-no wpr-equal-height-no e-con e-child\" data-id=\"4dfc228\" data-element_type=\"container\" data-e-type=\"container\">\n\t\t\t\t<div class=\"elementor-element elementor-element-3514f29 elementor-widget elementor-widget-link-in-bio\" data-id=\"3514f29\" data-element_type=\"widget\" data-e-type=\"widget\" data-widget_type=\"link-in-bio.default\">\n\t\t\t\t<div class=\"elementor-widget-container\">\n\t\t\t\t\t\t\t<div class=\"e-link-in-bio e-link-in-bio\">\n\t\t\t<div class=\"e-link-in-bio__content\">\n\n\t\t\t\t\t\t<div class=\"e-link-in-bio__identity\">\n\t\t\t\t\t\t\t\t\t<div class=\"e-link-in-bio__identity-image e-link-in-bio__identity-image-profile has-style-circle\">\n\t\t\t\t\t\t\t<img fetchpriority=\"high\" decoding=\"async\" width=\"300\" height=\"200\" src=\"https:\/\/faden-bhv.de\/foerderzentrum-sailing-in\/wp-content\/uploads\/sites\/4\/2024\/09\/DSC_9766_ret_02-300x200.jpg\" class=\"e-link-in-bio__identity-image-element\" alt=\"\" srcset=\"https:\/\/faden-bhv.de\/foerderzentrum-sailing-in\/wp-content\/uploads\/sites\/4\/2024\/09\/DSC_9766_ret_02-300x200.jpg 300w, https:\/\/faden-bhv.de\/foerderzentrum-sailing-in\/wp-content\/uploads\/sites\/4\/2024\/09\/DSC_9766_ret_02-1024x681.jpg 1024w, https:\/\/faden-bhv.de\/foerderzentrum-sailing-in\/wp-content\/uploads\/sites\/4\/2024\/09\/DSC_9766_ret_02-768x511.jpg 768w, https:\/\/faden-bhv.de\/foerderzentrum-sailing-in\/wp-content\/uploads\/sites\/4\/2024\/09\/DSC_9766_ret_02-1536x1022.jpg 1536w, https:\/\/faden-bhv.de\/foerderzentrum-sailing-in\/wp-content\/uploads\/sites\/4\/2024\/09\/DSC_9766_ret_02-2048x1362.jpg 2048w\" sizes=\"(max-width: 300px) 100vw, 300px\" \/>\t\t\t\t\t\t\t\t\t\t\t\t\t<\/div>\n\t\t\t\t\t\t\t<\/div>\n\t\t\t\t\t<div class=\"e-link-in-bio__bio\">\n\t\t\t\t<h3 class=\"e-link-in-bio__heading\">Joana Heinlein<\/h3>\t\t\t\t<h4 class=\"e-link-in-bio__title\">Projektleitung F\u00f6rderzentrum SAILING IN<\/h4>\t\t\t\t\t\t\t\t<p class=\"e-link-in-bio__description\">Sozialp\u00e4dagogin | Ansprechpartnerin f\u00fcr das Kooperationsprojekt F\u00f6rderzentrum &quot;SAILING IN&quot; <\/p>\t\t\t<\/div>\n\t\t\t\t\t<div class=\"e-link-in-bio__icons has-size-small\">\n\t\t\t\t\t\t\t<div class=\"e-link-in-bio__icon is-size-small\">\n\t\t\t\t\t<a aria-label=\"Telephone\" class=\"e-link-in-bio__icon-link\" href=\"tel:+4947130942218\">\n\t\t\t\t\t\t<span class=\"e-link-in-bio__icon-svg\">\n\t\t\t\t\t\t\t<svg aria-hidden=\"true\" class=\"e-font-icon-svg e-fas-phone-alt\" viewBox=\"0 0 512 512\" xmlns=\"http:\/\/www.w3.org\/2000\/svg\"><path d=\"M497.39 361.8l-112-48a24 24 0 0 0-28 6.9l-49.6 60.6A370.66 370.66 0 0 1 130.6 204.11l60.6-49.6a23.94 23.94 0 0 0 6.9-28l-48-112A24.16 24.16 0 0 0 122.6.61l-104 24A24 24 0 0 0 0 48c0 256.5 207.9 464 464 464a24 24 0 0 0 23.4-18.6l24-104a24.29 24.29 0 0 0-14.01-27.6z\"><\/path><\/svg>\t\t\t\t\t\t<\/span>\n\t\t\t\t\t\t\t\t\t\t\t<\/a>\n\t\t\t\t<\/div>\n\t\t\t\t\t\t\t<div class=\"e-link-in-bio__icon is-size-small\">\n\t\t\t\t\t<a aria-label=\"Email\" class=\"e-link-in-bio__icon-link\" href=\"mailto:j.heinlein@foerderzentrum-bhv.de?subject=Anfrage%20\u00fcber%20die%20Homepage\">\n\t\t\t\t\t\t<span class=\"e-link-in-bio__icon-svg\">\n\t\t\t\t\t\t\t<svg aria-hidden=\"true\" class=\"e-font-icon-svg e-fas-envelope\" viewBox=\"0 0 512 512\" xmlns=\"http:\/\/www.w3.org\/2000\/svg\"><path d=\"M502.3 190.8c3.9-3.1 9.7-.2 9.7 4.7V400c0 26.5-21.5 48-48 48H48c-26.5 0-48-21.5-48-48V195.6c0-5 5.7-7.8 9.7-4.7 22.4 17.4 52.1 39.5 154.1 113.6 21.1 15.4 56.7 47.8 92.2 47.6 35.7.3 72-32.8 92.3-47.6 102-74.1 131.6-96.3 154-113.7zM256 320c23.2.4 56.6-29.2 73.4-41.4 132.7-96.3 142.8-104.7 173.4-128.7 5.8-4.5 9.2-11.5 9.2-18.9v-19c0-26.5-21.5-48-48-48H48C21.5 64 0 85.5 0 112v19c0 7.4 3.4 14.3 9.2 18.9 30.6 23.9 40.7 32.4 173.4 128.7 16.8 12.2 50.2 41.8 73.4 41.4z\"><\/path><\/svg>\t\t\t\t\t\t<\/span>\n\t\t\t\t\t\t\t\t\t\t\t<\/a>\n\t\t\t\t<\/div>\n\t\t\t\t\t<\/div>\n\t\t\n\t\t<div class=\"e-link-in-bio__ctas has-type-button\">\n\t\t\t\t\t\t\t<a href=\"https:\/\/faden-bhv.de\/kontakt\/\" target=\"_blank\" rel=\"noopener \" class=\"e-link-in-bio__cta is-type-button has-corners-rounded\">\n\t\t\t\t\t\t\t\t\t\t<span class=\"e-link-in-bio__cta-text\">\n\t\t\t\t\t\tKontakt aufnehmen\t\t\t\t\t<\/span>\n\t\t\t\t<\/a>\n\t\t\t\t\t<\/div>\n\t\t\n\t\t\t<\/div>\n\t\t\t<div class=\"e-link-in-bio__bg\">\n\t\t\t\t<div class=\"e-link-in-bio__bg-overlay\"><\/div>\n\t\t\t<\/div>\n\t\t<\/div>\n\t\t\t\t\t\t<\/div>\n\t\t\t\t<\/div>\n\t\t\t\t<\/div>\n\t\t<div class=\"elementor-element elementor-element-0993f53 e-grid e-con-full wpr-particle-no wpr-jarallax-no wpr-parallax-no wpr-sticky-section-no wpr-equal-height-no e-con e-child\" data-id=\"0993f53\" data-element_type=\"container\" data-e-type=\"container\">\n\t\t\t\t<div class=\"elementor-element elementor-element-41dc5ea elementor-cta--valign-top elementor-cta--skin-classic elementor-animated-content elementor-widget elementor-widget-call-to-action\" data-id=\"41dc5ea\" data-element_type=\"widget\" data-e-type=\"widget\" data-widget_type=\"call-to-action.default\">\n\t\t\t\t<div class=\"elementor-widget-container\">\n\t\t\t\t\t\t\t<div class=\"elementor-cta\">\n\t\t\t\t\t\t\t<div class=\"elementor-cta__content\">\n\t\t\t\t\n\t\t\t\t\t\t\t\t\t<h3 class=\"elementor-cta__title elementor-cta__content-item elementor-content-item\">\n\t\t\t\t\t\tJobcoaching\t\t\t\t\t<\/h3>\n\t\t\t\t\n\t\t\t\t\t\t\t\t\t<h4 class=\"elementor-cta__description elementor-cta__content-item elementor-content-item\">\n\t\t\t\t\t\t\nWir er\u00f6ffnen einen Markt der M\u00f6glichkeiten und unterst\u00fctzen durch gezieltes Bewerbungstraining bei der Suche nach einem geeigneten Arbeitsplatz. Durch unser vielf\u00e4ltiges Netzwerk zu Arbeitgebern in und um Bremerhaven gelingt uns eine passgenaue Vermittlung und Begleitung. Eine Nachbetreuung bei erfolgter Arbeitsaufnahme stellen wir sicher. \n\t\t\t\t\t<\/h4>\n\t\t\t\t\n\t\t\t\t\t\t\t<\/div>\n\t\t\t\t\t\t<\/div>\n\t\t\t\t\t\t<\/div>\n\t\t\t\t<\/div>\n\t\t\t\t<div class=\"elementor-element elementor-element-5ec6302 elementor-cta--valign-top elementor-cta--skin-classic elementor-animated-content elementor-widget elementor-widget-call-to-action\" data-id=\"5ec6302\" data-element_type=\"widget\" data-e-type=\"widget\" data-widget_type=\"call-to-action.default\">\n\t\t\t\t<div class=\"elementor-widget-container\">\n\t\t\t\t\t\t\t<div class=\"elementor-cta\">\n\t\t\t\t\t\t\t<div class=\"elementor-cta__content\">\n\t\t\t\t\n\t\t\t\t\t\t\t\t\t<h3 class=\"elementor-cta__title elementor-cta__content-item elementor-content-item\">\n\t\t\t\t\t\tSozialp\u00e4dagogische Begleitung\t\t\t\t\t<\/h3>\n\t\t\t\t\n\t\t\t\t\t\t\t\t\t<h4 class=\"elementor-cta__description elementor-cta__content-item elementor-content-item\">\n\t\t\t\t\t\t\nWir coachen bei pers\u00f6nlichen Problemlagen, helfen beim Ausf\u00fcllen von Antr\u00e4gen und unterst\u00fctzen beim Ankommen sowie Zurechtfinden in Bremerhaven. Zudem sind wir bei Bedarf aufsuchend t\u00e4tig und begleiten bei Beh\u00f6rdenterminen. Ziel ist stets die Stabilisierung und das Einm\u00fcnden in Arbeit.\t\t\t\t\t<\/h4>\n\t\t\t\t\n\t\t\t\t\t\t\t<\/div>\n\t\t\t\t\t\t<\/div>\n\t\t\t\t\t\t<\/div>\n\t\t\t\t<\/div>\n\t\t\t\t<div class=\"elementor-element elementor-element-0aa9862 elementor-cta--valign-top elementor-cta--skin-classic elementor-animated-content elementor-widget elementor-widget-call-to-action\" data-id=\"0aa9862\" data-element_type=\"widget\" data-e-type=\"widget\" data-widget_type=\"call-to-action.default\">\n\t\t\t\t<div class=\"elementor-widget-container\">\n\t\t\t\t\t\t\t<div class=\"elementor-cta\">\n\t\t\t\t\t\t\t<div class=\"elementor-cta__content\">\n\t\t\t\t\n\t\t\t\t\t\t\t\t\t<h3 class=\"elementor-cta__title elementor-cta__content-item elementor-content-item\">\n\t\t\t\t\t\tPsychologische Begleitung\t\t\t\t\t<\/h3>\n\t\t\t\t\n\t\t\t\t\t\t\t\t\t<h4 class=\"elementor-cta__description elementor-cta__content-item elementor-content-item\">\n\t\t\t\t\t\t\nWir bieten ein psychologisches Beratungsangebot. Bei Bedarf unterst\u00fctzen wir bei dem Umgang mit Stress im Alltag und im Arbeitsleben, helfen beim Abbau von Hemmnissen vor der Arbeitswelt und begleiten die Suche nach externen Unterst\u00fctzungsangeboten.\t\t\t\t\t<\/h4>\n\t\t\t\t\n\t\t\t\t\t\t\t<\/div>\n\t\t\t\t\t\t<\/div>\n\t\t\t\t\t\t<\/div>\n\t\t\t\t<\/div>\n\t\t\t\t<div class=\"elementor-element elementor-element-12b6788 elementor-cta--skin-classic elementor-animated-content elementor-widget elementor-widget-call-to-action\" data-id=\"12b6788\" data-element_type=\"widget\" data-e-type=\"widget\" data-widget_type=\"call-to-action.default\">\n\t\t\t\t<div class=\"elementor-widget-container\">\n\t\t\t\t\t\t\t<div class=\"elementor-cta\">\n\t\t\t\t\t\t\t<div class=\"elementor-cta__content\">\n\t\t\t\t\n\t\t\t\t\t\t\t\t\t<h3 class=\"elementor-cta__title elementor-cta__content-item elementor-content-item\">\n\t\t\t\t\t\tGrundbildung \t\t\t\t\t<\/h3>\n\t\t\t\t\n\t\t\t\t\t\t\t\t\t<h4 class=\"elementor-cta__description elementor-cta__content-item elementor-content-item\">\n\t\t\t\t\t\t\nWir helfen, grundlegende schulische Voraussetzungen zu st\u00e4rken, um auf den schulischen Teil von Qualifizierungsangeboten und auf berufliche Anforderungen vorzubereiten. Hierbei liegt der Fokus neben Lesen, Schreiben und Rechnen auch auf Sozial- und personellen Kompetenzen. \t\t\t\t\t<\/h4>\n\t\t\t\t\n\t\t\t\t\t\t\t<\/div>\n\t\t\t\t\t\t<\/div>\n\t\t\t\t\t\t<\/div>\n\t\t\t\t<\/div>\n\t\t\t\t<div class=\"elementor-element elementor-element-b5d9d55 elementor-cta--valign-top elementor-cta--skin-classic elementor-animated-content elementor-widget elementor-widget-call-to-action\" data-id=\"b5d9d55\" data-element_type=\"widget\" data-e-type=\"widget\" data-widget_type=\"call-to-action.default\">\n\t\t\t\t<div class=\"elementor-widget-container\">\n\t\t\t\t\t\t\t<div class=\"elementor-cta\">\n\t\t\t\t\t\t\t<div class=\"elementor-cta__content\">\n\t\t\t\t\n\t\t\t\t\t\t\t\t\t<h3 class=\"elementor-cta__title elementor-cta__content-item elementor-content-item\">\n\t\t\t\t\t\tSchulabschl\u00fcsse \t\t\t\t\t<\/h3>\n\t\t\t\t\n\t\t\t\t\t\t\t\t\t<h4 class=\"elementor-cta__description elementor-cta__content-item elementor-content-item\">\n\t\t\t\t\t\t\nBei uns k\u00f6nnen Sie Ihren Schulabschluss nachholen. Wir bieten in Kooperation mit der VHS Bremerhaven und der Abendschule Bremerhaven die M\u00f6glichkeit zum Erlangen der einfachen sowie erweiterten Berufsbildungsreife an.\t\t\t\t\t<\/h4>\n\t\t\t\t\n\t\t\t\t\t\t\t<\/div>\n\t\t\t\t\t\t<\/div>\n\t\t\t\t\t\t<\/div>\n\t\t\t\t<\/div>\n\t\t\t\t<div class=\"elementor-element elementor-element-3bcea93 elementor-widget elementor-widget-image\" data-id=\"3bcea93\" data-element_type=\"widget\" data-e-type=\"widget\" data-widget_type=\"image.default\">\n\t\t\t\t<div class=\"elementor-widget-container\">\n\t\t\t\t\t\t\t\t\t\t\t\t\t\t\t<img decoding=\"async\" width=\"800\" height=\"568\" src=\"https:\/\/faden-bhv.de\/foerderzentrum-sailing-in\/wp-content\/uploads\/sites\/4\/2025\/02\/TDOT-1-1024x727.png\" class=\"attachment-large size-large wp-image-328\" alt=\"\" srcset=\"https:\/\/faden-bhv.de\/foerderzentrum-sailing-in\/wp-content\/uploads\/sites\/4\/2025\/02\/TDOT-1-1024x727.png 1024w, https:\/\/faden-bhv.de\/foerderzentrum-sailing-in\/wp-content\/uploads\/sites\/4\/2025\/02\/TDOT-1-300x213.png 300w, https:\/\/faden-bhv.de\/foerderzentrum-sailing-in\/wp-content\/uploads\/sites\/4\/2025\/02\/TDOT-1-768x545.png 768w, https:\/\/faden-bhv.de\/foerderzentrum-sailing-in\/wp-content\/uploads\/sites\/4\/2025\/02\/TDOT-1-1536x1090.png 1536w, https:\/\/faden-bhv.de\/foerderzentrum-sailing-in\/wp-content\/uploads\/sites\/4\/2025\/02\/TDOT-1.png 1749w\" sizes=\"(max-width: 800px) 100vw, 800px\" \/>\t\t\t\t\t\t\t\t\t\t\t\t\t\t\t<\/div>\n\t\t\t\t<\/div>\n\t\t\t\t<div class=\"elementor-element elementor-element-e601148 elementor-cta--skin-classic elementor-animated-content elementor-widget elementor-widget-call-to-action\" data-id=\"e601148\" data-element_type=\"widget\" data-e-type=\"widget\" data-widget_type=\"call-to-action.default\">\n\t\t\t\t<div class=\"elementor-widget-container\">\n\t\t\t\t\t\t\t<div class=\"elementor-cta\">\n\t\t\t\t\t\t\t<div class=\"elementor-cta__content\">\n\t\t\t\t\n\t\t\t\t\t\t\t\t\t<h3 class=\"elementor-cta__title elementor-cta__content-item elementor-content-item\">\n\t\t\t\t\t\tSprachf\u00f6rderung\t\t\t\t\t<\/h3>\n\t\t\t\t\n\t\t\t\t\t\t\t\t\t<h4 class=\"elementor-cta__description elementor-cta__content-item elementor-content-item\">\n\t\t\t\t\t\t\nWir unterst\u00fctzen mit Hilfe von gezielten Sprachf\u00f6rderangeboten den Erwerb und die Erweiterung von Deutschkenntnissen. Daf\u00fcr bieten wir sowohl allgemeine als auch berufsbezogene Sprachf\u00f6rderung an. \t\t\t\t\t<\/h4>\n\t\t\t\t\n\t\t\t\t\t\t\t<\/div>\n\t\t\t\t\t\t<\/div>\n\t\t\t\t\t\t<\/div>\n\t\t\t\t<\/div>\n\t\t\t\t<div class=\"elementor-element elementor-element-4e4b139 elementor-widget elementor-widget-image\" data-id=\"4e4b139\" data-element_type=\"widget\" data-e-type=\"widget\" data-widget_type=\"image.default\">\n\t\t\t\t<div class=\"elementor-widget-container\">\n\t\t\t\t\t\t\t\t\t\t\t\t\t\t\t<img decoding=\"async\" width=\"800\" height=\"568\" src=\"https:\/\/faden-bhv.de\/foerderzentrum-sailing-in\/wp-content\/uploads\/sites\/4\/2025\/02\/TDOT-2-1024x727.png\" class=\"attachment-large size-large wp-image-329\" alt=\"\" srcset=\"https:\/\/faden-bhv.de\/foerderzentrum-sailing-in\/wp-content\/uploads\/sites\/4\/2025\/02\/TDOT-2-1024x727.png 1024w, https:\/\/faden-bhv.de\/foerderzentrum-sailing-in\/wp-content\/uploads\/sites\/4\/2025\/02\/TDOT-2-300x213.png 300w, https:\/\/faden-bhv.de\/foerderzentrum-sailing-in\/wp-content\/uploads\/sites\/4\/2025\/02\/TDOT-2-768x545.png 768w, https:\/\/faden-bhv.de\/foerderzentrum-sailing-in\/wp-content\/uploads\/sites\/4\/2025\/02\/TDOT-2-1536x1090.png 1536w, https:\/\/faden-bhv.de\/foerderzentrum-sailing-in\/wp-content\/uploads\/sites\/4\/2025\/02\/TDOT-2.png 1749w\" sizes=\"(max-width: 800px) 100vw, 800px\" \/>\t\t\t\t\t\t\t\t\t\t\t\t\t\t\t<\/div>\n\t\t\t\t<\/div>\n\t\t\t\t<div class=\"elementor-element elementor-element-4239529 elementor-widget elementor-widget-image\" data-id=\"4239529\" data-element_type=\"widget\" data-e-type=\"widget\" data-widget_type=\"image.default\">\n\t\t\t\t<div class=\"elementor-widget-container\">\n\t\t\t\t\t\t\t\t\t\t\t\t\t\t\t<img loading=\"lazy\" decoding=\"async\" width=\"800\" height=\"568\" src=\"https:\/\/faden-bhv.de\/foerderzentrum-sailing-in\/wp-content\/uploads\/sites\/4\/2025\/02\/TDOT-3-1024x727.png\" class=\"attachment-large size-large wp-image-330\" alt=\"\" srcset=\"https:\/\/faden-bhv.de\/foerderzentrum-sailing-in\/wp-content\/uploads\/sites\/4\/2025\/02\/TDOT-3-1024x727.png 1024w, https:\/\/faden-bhv.de\/foerderzentrum-sailing-in\/wp-content\/uploads\/sites\/4\/2025\/02\/TDOT-3-300x213.png 300w, https:\/\/faden-bhv.de\/foerderzentrum-sailing-in\/wp-content\/uploads\/sites\/4\/2025\/02\/TDOT-3-768x545.png 768w, https:\/\/faden-bhv.de\/foerderzentrum-sailing-in\/wp-content\/uploads\/sites\/4\/2025\/02\/TDOT-3-1536x1090.png 1536w, https:\/\/faden-bhv.de\/foerderzentrum-sailing-in\/wp-content\/uploads\/sites\/4\/2025\/02\/TDOT-3.png 1749w\" sizes=\"(max-width: 800px) 100vw, 800px\" \/>\t\t\t\t\t\t\t\t\t\t\t\t\t\t\t<\/div>\n\t\t\t\t<\/div>\n\t\t\t\t<\/div>\n\t\t\t\t<\/div>\n\t\t<div class=\"elementor-element elementor-element-12ff256 e-con-full e-flex wpr-particle-no wpr-jarallax-no wpr-parallax-no wpr-sticky-section-no wpr-equal-height-no e-con e-child\" data-id=\"12ff256\" data-element_type=\"container\" data-e-type=\"container\">\n\t\t\t\t<div class=\"elementor-element elementor-element-b2c4e56 elementor-widget elementor-widget-heading\" data-id=\"b2c4e56\" data-element_type=\"widget\" data-e-type=\"widget\" data-widget_type=\"heading.default\">\n\t\t\t\t<div class=\"elementor-widget-container\">\n\t\t\t\t\t<h2 class=\"elementor-heading-title elementor-size-default\">GEF\u00d6RDERT DURCH\n<\/h2>\t\t\t\t<\/div>\n\t\t\t\t<\/div>\n\t\t\t\t<div class=\"elementor-element elementor-element-1450fb6 elementor-hidden-tablet elementor-hidden-mobile elementor-skin-carousel elementor-pagination-type-bullets elementor-pagination-position-outside elementor-widget elementor-widget-media-carousel\" data-id=\"1450fb6\" data-element_type=\"widget\" data-e-type=\"widget\" data-settings=\"{&quot;slides_per_view&quot;:&quot;5&quot;,&quot;slides_to_scroll&quot;:&quot;1&quot;,&quot;lazyload&quot;:&quot;yes&quot;,&quot;space_between&quot;:{&quot;unit&quot;:&quot;px&quot;,&quot;size&quot;:20,&quot;sizes&quot;:[]},&quot;skin&quot;:&quot;carousel&quot;,&quot;effect&quot;:&quot;slide&quot;,&quot;pagination&quot;:&quot;bullets&quot;,&quot;speed&quot;:500,&quot;space_between_tablet&quot;:{&quot;unit&quot;:&quot;px&quot;,&quot;size&quot;:10,&quot;sizes&quot;:[]},&quot;space_between_mobile&quot;:{&quot;unit&quot;:&quot;px&quot;,&quot;size&quot;:10,&quot;sizes&quot;:[]}}\" data-widget_type=\"media-carousel.default\">\n\t\t\t\t<div class=\"elementor-widget-container\">\n\t\t\t\t\t\t\t\t\t<div class=\"elementor-swiper\">\n\t\t\t\t\t<div class=\"elementor-main-swiper swiper\" role=\"region\" aria-roledescription=\"carousel\" aria-label=\"Slider\">\n\t\t\t\t<div class=\"swiper-wrapper\">\n\t\t\t\t\t\t\t\t\t\t\t<div class=\"swiper-slide\" role=\"group\" aria-roledescription=\"slide\">\n\t\t\t\t\t\t\t<a href=\"https:\/\/www.wirtschaft.bremen.de\/\" target=\"_blank\" rel=\"nofollow\">\t\t<div class=\"elementor-carousel-image swiper-lazy\" role=\"img\" aria-label=\"Bremer-Schluessel-Logo\" data-background=\"https:\/\/faden-bhv.de\/foerderzentrum-sailing-in\/wp-content\/uploads\/sites\/4\/2024\/09\/Bremer-Schluessel-Logo.webp\">\n\n\t\t\t\t\t\t\t<div class=\"swiper-lazy-preloader\"><\/div>\n\t\t\t\n\t\t\t\t\t<\/div>\n\t\t<\/a>\t\t\t\t\t\t<\/div>\n\t\t\t\t\t\t\t\t\t\t\t<div class=\"swiper-slide\" role=\"group\" aria-roledescription=\"slide\">\n\t\t\t\t\t\t\t\t\t<div class=\"elementor-carousel-image swiper-lazy\" role=\"img\" aria-label=\"EU-Kofinanziert\" data-background=\"https:\/\/faden-bhv.de\/foerderzentrum-sailing-in\/wp-content\/uploads\/sites\/4\/2024\/09\/EU-Kofinanziert.webp\">\n\n\t\t\t\t\t\t\t<div class=\"swiper-lazy-preloader\"><\/div>\n\t\t\t\n\t\t\t\t\t<\/div>\n\t\t\t\t\t\t\t\t<\/div>\n\t\t\t\t\t\t\t\t\t\t\t<div class=\"swiper-slide\" role=\"group\" aria-roledescription=\"slide\">\n\t\t\t\t\t\t\t<a href=\"https:\/\/www.jobcenter-bremerhaven.de\/de\" target=\"_blank\" rel=\"nofollow\">\t\t<div class=\"elementor-carousel-image swiper-lazy\" role=\"img\" aria-label=\"jobcenter-Logo\" data-background=\"https:\/\/faden-bhv.de\/foerderzentrum-sailing-in\/wp-content\/uploads\/sites\/4\/2024\/09\/jobcenter-Logo.webp\">\n\n\t\t\t\t\t\t\t<div class=\"swiper-lazy-preloader\"><\/div>\n\t\t\t\n\t\t\t\t\t<\/div>\n\t\t<\/a>\t\t\t\t\t\t<\/div>\n\t\t\t\t\t\t\t\t\t\t\t<div class=\"swiper-slide\" role=\"group\" aria-roledescription=\"slide\">\n\t\t\t\t\t\t\t<a href=\"https:\/\/www.bremerhaven.de\/\" target=\"_blank\" rel=\"nofollow\">\t\t<div class=\"elementor-carousel-image swiper-lazy\" role=\"img\" aria-label=\"BRHV-Logo-2zeilig-NEU-scaled\" data-background=\"https:\/\/faden-bhv.de\/foerderzentrum-sailing-in\/wp-content\/uploads\/sites\/4\/2024\/09\/BRHV-Logo-2zeilig-NEU-scaled-1.webp\">\n\n\t\t\t\t\t\t\t<div class=\"swiper-lazy-preloader\"><\/div>\n\t\t\t\n\t\t\t\t\t<\/div>\n\t\t<\/a>\t\t\t\t\t\t<\/div>\n\t\t\t\t\t\t\t\t\t<\/div>\n\t\t\t\t\t\t\t\t\t\t\t\t\t\t\t\t\t\t\t\t<div class=\"swiper-pagination\"><\/div>\n\t\t\t\t\t\t\t\t\t\t\t\t<\/div>\n\t\t\t\t<\/div>\n\t\t\t\t\t\t\t\t<\/div>\n\t\t\t\t<\/div>\n\t\t\t\t<\/div>\n\t\t\t\t\t<\/div>\n\t\t\t\t<\/div>\n\t\t<div class=\"elementor-element elementor-element-0d42091 e-flex e-con-boxed wpr-particle-no wpr-jarallax-no wpr-parallax-no wpr-sticky-section-no wpr-equal-height-no e-con e-parent\" data-id=\"0d42091\" data-element_type=\"container\" data-e-type=\"container\">\n\t\t\t\t\t<div class=\"e-con-inner\">\n\t\t\t\t\t<\/div>\n\t\t\t\t<\/div>\n\t\t\t\t<\/div>\n\t\t","protected":false},"excerpt":{"rendered":"<p>Herzlich Willkommen beim F\u00f6rderzentrum SAILING IN in Bremerhaven Das F\u00f6rderzentrum SAILING IN hilft dabei, die Segel neu zu setzen und neu anzukommen \u2013 im Beruf, in der neuen Heimat, in Bremerhaven. Unsere Unterst\u00fctzung richtet sich an erwachsene Arbeitssuchende \u00fcber 25 Jahren, die in Bremerhaven wohnen und Leistungen des Jobcenters Bremerhaven beziehen. Wir begleiten auf dem Weg (zur\u00fcck) in den Arbeitsmarkt und helfen bei Bedarf beim Nachholen von Grundbildung und Schulabschl\u00fcssen sowie beim Spracherwerb. Wir vermitteln in weitergehende Qualifizierungsangebote immer mit dem Blick auf Er\u00f6ffnung einer neuen Chance f\u00fcr die berufliche Integration. Teilnehmende k\u00f6nnen sich in der Regel im Rahmen von 6 bis 12 Monaten bei uns in Voll- und bei Bedarf auch in Teilzeit in verschiedenen Berufsfeldern erproben und neue Erfahrungen sammeln. Der Start ist immer montags ab 08:00 Uhr nach Zuweisung durch das Jobcenter Bremerhaven m\u00f6glich. Die Fahrtkosten zu uns werden erstattet. https:\/\/youtu.be\/_ky4TIO3zp4 Berufsfelder Gesundheit | Pflege | Soziales Ern\u00e4hrungskunde, K\u00f6rperpflege, Umgang mit Demenz und psychischen Erkrankungen; Freizeitgestaltung und Gesundheitserhaltung von Patient:innen, Unterst\u00fctzung bei Alltagsbew\u00e4ltigung (u.a. Biographiearbeit, Seniorengymnastik); berufliche Anforderungen im pflegerischen Bereich, fachgerechte &#038; r\u00fcckenschonende Arbeitstechniken; Fachpraxis vorrangig in Form mehrw\u00f6chiger Praktika in Senioren- oder Kinderbetreuungseinrichtungen Metall | Elektro Wissenvermittlung im Bereich Metall-verarbeitung, elektronischen Gr\u00f6\u00dfen wie Spannung, Strom und Widerstand und Messsytemen; Einblick in die Vorbereitung, Planung und Organisation von einfachen Arbeitsaufgaben; praktische \u00dcbungen u. a. zum Aufbau von Schaltung, zur Installation von Leitungen, Kabeln; Erstellen erster Werkst\u00fccke Hotel | Gastst\u00e4tte | Hauswirtschaft | Ern\u00e4hrung Herstellung von hei\u00dfen &#038; kalten Speisen, Backwaren &#038; Kuchen nach Rezept; Pr\u00e4sentation von Speisen und Dekoration von R\u00e4umlichkeiten; Vorbereitung von Veranstaltungen &#038; Caterings f\u00fcr Seminare\/Schulungen; Umgang mit und Bewirtung von G\u00e4sten Handel | Verkauf sachgerechte Lagerung von Waren, sinnvolle Sortimentsbildung, Warenkunde; Vorbereitung und Dekoration des Verkaufsraumes und der Schaufenster passend zu Jahreszeiten und Feiertagen; Kassenschulungen, kaufm\u00e4nnischen Rechnen; Beratung, Verkauf &#038; dienstleistungsorientiertes Verhalten im Umgang mit Kund:innen (Verkaufsgespr\u00e4che, Kommunikationsregeln und besondere Situationen im Verkauf wie Beschwerden &#038; Reklamationen) Friseur Haare waschen und schneiden, Gestalten von Frisuren und Durchf\u00fchrung von farbver\u00e4ndernden Haarbehandlungen; Gesundheitsschutz &#038; Hygienevorgaben; Umgang und Pflege von Maschinen, Ger\u00e4ten und Werkzeugen; kunden- und dienstleistungsorientiertes Auftreten; Beratung, Betreuung und Verkauf von Produkten Lager | Logistik | Transport G\u00fcterannahme, G\u00fcterkontrolle, sachgerechte Lagerung und Transport von G\u00fctern; Lagerarten und deren Unterschiede; Gebrauch verschiedener Ger\u00e4te (z.B. Hebeger\u00e4te); Umgang mit Normen, Ma\u00dfen, Mengen und Gewichtseinheiten Neben der beruflichen Erprobung werden die Teilnehmenden ganzheitlich durch unser multiprofessionelles Team begleitet. Wir bieten: F\u00fcr weitergehende Information kontaktieren Sie auch jederzeit gerne unsere kompetenten Ansprechpartnerinnen vor Ort: Joana Heinlein Projektleitung F\u00f6rderzentrum SAILING IN Sozialp\u00e4dagogin | Ansprechpartnerin f\u00fcr das Kooperationsprojekt F\u00f6rderzentrum &quot;SAILING IN&quot; Kontakt aufnehmen Jobcoaching Wir er\u00f6ffnen einen Markt der M\u00f6glichkeiten und unterst\u00fctzen durch gezieltes Bewerbungstraining bei der Suche nach einem geeigneten Arbeitsplatz. Durch unser vielf\u00e4ltiges Netzwerk zu Arbeitgebern in und um Bremerhaven gelingt uns eine passgenaue Vermittlung und Begleitung. Eine Nachbetreuung bei erfolgter Arbeitsaufnahme stellen wir sicher. Sozialp\u00e4dagogische Begleitung Wir coachen bei pers\u00f6nlichen Problemlagen, helfen beim Ausf\u00fcllen von Antr\u00e4gen und unterst\u00fctzen beim Ankommen sowie Zurechtfinden in Bremerhaven. Zudem sind wir bei Bedarf aufsuchend t\u00e4tig und begleiten bei Beh\u00f6rdenterminen. Ziel ist stets die Stabilisierung und das Einm\u00fcnden in Arbeit. Psychologische Begleitung Wir bieten ein psychologisches Beratungsangebot. Bei Bedarf unterst\u00fctzen wir bei dem Umgang mit Stress im Alltag und im Arbeitsleben, helfen beim Abbau von Hemmnissen vor der Arbeitswelt und begleiten die Suche nach externen Unterst\u00fctzungsangeboten. Grundbildung Wir helfen, grundlegende schulische Voraussetzungen zu st\u00e4rken, um auf den schulischen Teil von Qualifizierungsangeboten und auf berufliche Anforderungen vorzubereiten. Hierbei liegt der Fokus neben Lesen, Schreiben und Rechnen auch auf Sozial- und personellen Kompetenzen. Schulabschl\u00fcsse Bei uns k\u00f6nnen Sie Ihren Schulabschluss nachholen. Wir bieten in Kooperation mit der VHS Bremerhaven und der Abendschule Bremerhaven die M\u00f6glichkeit zum Erlangen der einfachen sowie erweiterten Berufsbildungsreife an. Sprachf\u00f6rderung Wir unterst\u00fctzen mit Hilfe von gezielten Sprachf\u00f6rderangeboten den Erwerb und die Erweiterung von Deutschkenntnissen. Daf\u00fcr bieten wir sowohl allgemeine als auch berufsbezogene Sprachf\u00f6rderung an. GEF\u00d6RDERT DURCH<\/p>\n","protected":false},"author":1,"featured_media":0,"parent":0,"menu_order":0,"comment_status":"closed","ping_status":"closed","template":"","meta":{"footnotes":""},"class_list":["post-196","page","type-page","status-publish","hentry"],"_links":{"self":[{"href":"https:\/\/faden-bhv.de\/foerderzentrum-sailing-in\/wp-json\/wp\/v2\/pages\/196","targetHints":{"allow":["GET"]}}],"collection":[{"href":"https:\/\/faden-bhv.de\/foerderzentrum-sailing-in\/wp-json\/wp\/v2\/pages"}],"about":[{"href":"https:\/\/faden-bhv.de\/foerderzentrum-sailing-in\/wp-json\/wp\/v2\/types\/page"}],"author":[{"embeddable":true,"href":"https:\/\/faden-bhv.de\/foerderzentrum-sailing-in\/wp-json\/wp\/v2\/users\/1"}],"replies":[{"embeddable":true,"href":"https:\/\/faden-bhv.de\/foerderzentrum-sailing-in\/wp-json\/wp\/v2\/comments?post=196"}],"version-history":[{"count":10,"href":"https:\/\/faden-bhv.de\/foerderzentrum-sailing-in\/wp-json\/wp\/v2\/pages\/196\/revisions"}],"predecessor-version":[{"id":396,"href":"https:\/\/faden-bhv.de\/foerderzentrum-sailing-in\/wp-json\/wp\/v2\/pages\/196\/revisions\/396"}],"wp:attachment":[{"href":"https:\/\/faden-bhv.de\/foerderzentrum-sailing-in\/wp-json\/wp\/v2\/media?parent=196"}],"curies":[{"name":"wp","href":"https:\/\/api.w.org\/{rel}","templated":true}]}}